{"id":13984,"date":"2025-06-08T22:07:41","date_gmt":"2025-06-08T22:07:41","guid":{"rendered":"https:\/\/ghostwhite-sandpiper-982879.hostingersite.com\/?post_type=profile&#038;p=13984"},"modified":"2025-09-03T17:36:59","modified_gmt":"2025-09-03T17:36:59","slug":"fiorella-acedo","status":"publish","type":"profile","link":"https:\/\/equilibriumbdc.com\/en\/profile\/fiorella-acedo\/","title":{"rendered":"Fiorella Acedo"},"content":{"rendered":"<p>Psic\u00f3loga de la Pontificia Universidad Cat\u00f3lica del Per\u00fa (PUCP), con formaci\u00f3n en educaci\u00f3n e infancia. Su trayectoria en consultor\u00eda se centra en Monitoreo, Evaluaci\u00f3n y Aprendizaje (MEL), diagn\u00f3sticos situacionales y caracterizaci\u00f3n de poblaciones en contextos de desigualdad; as\u00ed como en an\u00e1lisis de datos cuantitativos y cualitativos, dise\u00f1o de instrumentos de investigaci\u00f3n y elaboraci\u00f3n de informes. Adem\u00e1s, cuenta con experiencia en levantamiento de informaci\u00f3n cualitativa, liderando entrevistas en profundidad, grupos focales y otras t\u00e9cnicas de recolecci\u00f3n de datos en campo.<\/p>\n<p>En Equilibrium, ha trabajado en proyectos sobre prevenci\u00f3n del matrimonio infantil, integraci\u00f3n socioecon\u00f3mica de migrantes y refugiados, y mejora de la calidad educativa para clientes como UNICEF, Banco Interamericano de Desarrollo (BID), Programa de las Naciones Unidas para el Desarrollo (PNUD), entre otros. Tiene experiencia en la aplicaci\u00f3n del enfoque de g\u00e9nero y derechos humanos en investigaciones sociales, incluyendo la elaboraci\u00f3n de protocolos de actuaci\u00f3n especializados para la protecci\u00f3n y el bienestar de NNA. Del mismo modo, forma parte del equipo comercial, gestionando el seguimiento operativo, la actualizaci\u00f3n de instrumentos de monitoreo y la identificaci\u00f3n de oportunidades estrat\u00e9gicas para la organizaci\u00f3n.<\/p>\n<p>Particip\u00f3 en la implementaci\u00f3n del Proyecto M\u00e1s Inclusi\u00f3n de UNICEF Per\u00fa, colaborando en el dise\u00f1o de estrategias para fortalecer el liderazgo y la gesti\u00f3n escolar inclusiva. Fue ponente en el VIII Seminario Nacional de Investigaci\u00f3n Educativa (SIEP) donde expuso sobre el tema de las habilidades socioemocionales como herramienta para mitigar los riesgos sociales en estudiantes rurales, en el contexto de un proyecto desarrollado por la UNESCO Per\u00fa. Actualmente, integra el Grupo de Investigaci\u00f3n de Psicolog\u00eda Pol\u00edtica y Social de la PUCP, donde estudia temas como inclusi\u00f3n y exclusi\u00f3n social, participaci\u00f3n pol\u00edtica y comunicaci\u00f3n gubernamental. Es coautora de la investigaci\u00f3n \u201cConvivencia y Exclusi\u00f3n Social de Migrantes Venezolanos\/as en Lima, Per\u00fa: Una Aproximaci\u00f3n Psicosocial\u201d.<\/p>\n","protected":false},"featured_media":14148,"menu_order":26,"template":"","meta":{"_acf_changed":false,"inline_featured_image":false,"footnotes":""},"categories":[99],"class_list":["post-13984","profile","type-profile","status-publish","has-post-thumbnail","hentry","category-proyectos-para-el-sector-desarrollo"],"acf":[],"_links":{"self":[{"href":"https:\/\/equilibriumbdc.com\/en\/wp-json\/wp\/v2\/profile\/13984","targetHints":{"allow":["GET"]}}],"collection":[{"href":"https:\/\/equilibriumbdc.com\/en\/wp-json\/wp\/v2\/profile"}],"about":[{"href":"https:\/\/equilibriumbdc.com\/en\/wp-json\/wp\/v2\/types\/profile"}],"version-history":[{"count":12,"href":"https:\/\/equilibriumbdc.com\/en\/wp-json\/wp\/v2\/profile\/13984\/revisions"}],"predecessor-version":[{"id":17295,"href":"https:\/\/equilibriumbdc.com\/en\/wp-json\/wp\/v2\/profile\/13984\/revisions\/17295"}],"wp:featuredmedia":[{"embeddable":true,"href":"https:\/\/equilibriumbdc.com\/en\/wp-json\/wp\/v2\/media\/14148"}],"wp:attachment":[{"href":"https:\/\/equilibriumbdc.com\/en\/wp-json\/wp\/v2\/media?parent=13984"}],"wp:term":[{"taxonomy":"category","embeddable":true,"href":"https:\/\/equilibriumbdc.com\/en\/wp-json\/wp\/v2\/categories?post=13984"}],"curies":[{"name":"wp","href":"https:\/\/api.w.org\/{rel}","templated":true}]}}